{"id":13,"date":"2015-02-27T20:32:44","date_gmt":"2015-02-27T20:32:44","guid":{"rendered":"https:\/\/wp.windkraftfreier-idarwald.de\/?page_id=13"},"modified":"2018-06-03T09:56:43","modified_gmt":"2018-06-03T09:56:43","slug":"impressum","status":"publish","type":"page","link":"https:\/\/www.windkraftfreier-idarwald.de\/?page_id=13","title":{"rendered":"Impressum\/Datenschutz"},"content":{"rendered":"<p>Angaben gem\u00e4\u00df \u00a7 5 TMG:<\/p>\n<h4>\u201cWindkraftfreier Idarwald \/ Schauren, Asbach, Hellertshausen, Hottenbach, Stipshausen-\u00a0Stoppt den Ausverkauf unserer Heimat!\u201d<\/h4>\n<table border=\"0\">\n<colgroup>\n<col width=\"70px\" \/>\n<col width=\"400px\" \/><\/colgroup>\n<tbody>\n<tr>\n<td>E-Mail:<\/td>\n<td><a href=\"mailto:info@windkraftfreier-idarwald.de\" target=\"_blank\" rel=\"noopener\">info@windkraftfreier-idarwald.de<\/a><\/td>\n<\/tr>\n<\/tbody>\n<\/table>\n<p>Stellvertretend:<\/p>\n<p>Gabriele Fuchs<br \/>\nHauptstra\u00dfe 17<br \/>\n55758\u00a0Hottenbach<\/p>\n<p>&nbsp;<\/p>\n<p><strong>Haftungsausschlu\u00df<\/strong><\/p>\n<h5>Haftung f\u00fcr Inhalte<\/h5>\n<p class=\"cl_p_disclaimer\">Die Inhalte unserer Seiten wurden mit gr\u00f6\u00dfter Sorgfalt erstellt. F\u00fcr die Richtigkeit, Vollst\u00e4ndigkeit und Aktualit\u00e4t der Inhalte k\u00f6nnen wir jedoch keine Gew\u00e4hr \u00fcbernehmen. Als Diensteanbieter sind wir gem\u00e4\u00df \u00a7 7 Abs.1 TMG f\u00fcr eigene Inhalte auf diesen Seiten nach den allgemeinen Gesetzen verantwortlich. Nach \u00a7\u00a7 8 bis 10 TMG sind wir als Diensteanbieter jedoch nicht verpflichtet, \u00fcbermittelte oder gespeicherte fremde Informationen zu \u00fcberwachen oder nach Umst\u00e4nden zu forschen, die auf eine rechtswidrige T\u00e4tigkeit hinweisen. Verpflichtungen zur Entfernung oder Sperrung der Nutzung von Informationen nach den allgemeinen Gesetzen bleiben hiervon unber\u00fchrt. Eine diesbez\u00fcgliche Haftung ist jedoch erst ab dem Zeitpunkt der Kenntnis einer konkreten Rechtsverletzung m\u00f6glich. Bei Bekanntwerden von entsprechenden Rechtsverletzungen werden wir diese Inhalte umgehend entfernen.<\/p>\n<p>&nbsp;<\/p>\n<h5>Haftung f\u00fcr Links<\/h5>\n<p class=\"cl_p_disclaimer\">Unser Angebot enth\u00e4lt Links zu externen Webseiten Dritter, auf deren Inhalte wir keinen Einfluss haben. Deshalb k\u00f6nnen wir f\u00fcr diese fremden Inhalte auch keine Gew\u00e4hr \u00fcbernehmen. F\u00fcr die Inhalte der verlinkten Seiten ist stets der jeweilige Anbieter oder Betreiber der Seiten verantwortlich. Die verlinkten Seiten wurden zum Zeitpunkt der Verlinkung auf m\u00f6gliche Rechtsverst\u00f6\u00dfe \u00fcberpr\u00fcft. Rechtswidrige Inhalte waren zum Zeitpunkt der Verlinkung nicht erkennbar. Eine permanente inhaltliche Kontrolle der verlinkten Seiten ist jedoch ohne konkrete Anhaltspunkte einer Rechtsverletzung nicht zumutbar. Bei Bekanntwerden von Rechtsverletzungen werden wir derartige Links umgehend entfernen.<\/p>\n<p>&nbsp;<\/p>\n<h5>Urheberrecht<\/h5>\n<p class=\"cl_p_disclaimer\">Die durch die Seitenbetreiber erstellten Inhalte und Werke sowie aller Fotos auf diesen Seiten unterliegen dem deutschen Urheberrecht. Die Vervielf\u00e4ltigung, Bearbeitung, Verbreitung und jede Art der Verwertung au\u00dferhalb der Grenzen des Urheberrechtes bed\u00fcrfen der schriftlichen Zustimmung des jeweiligen Autors bzw. Erstellers. Downloads und Kopien dieser Seite sind nur f\u00fcr den privaten, nicht kommerziellen Gebrauch gestattet. Soweit die Inhalte auf dieser Seite nicht vom Betreiber erstellt wurden, werden die Urheberrechte Dritter beachtet. Insbesondere werden Inhalte Dritter als solche gekennzeichnet. Sollten Sie trotzdem auf eine Urheberrechtsverletzung aufmerksam werden, bitten wir um einen entsprechenden Hinweis. Bei Bekanntwerden von Rechtsverletzungen werden wir derartige Inhalte umgehend entfernen.<\/p>\n<p>&nbsp;<\/p>\n<h1>Datenschutzerkl\u00e4rung<\/h1>\n<p>Verantwortliche Stelle im Sinne der Datenschutzgesetze, insbesondere der EU-Datenschutzgrundverordnung (DSGVO), ist:<\/p>\n<p>Stellvertretend:<\/p>\n<p>Gabriele Fuchs<br \/>\nHauptstra\u00dfe 17<br \/>\n55758\u00a0Hottenbach<\/p>\n<h2>Ihre Betroffenenrechte<\/h2>\n<p>Unter den angegebenen Kontaktdaten unseres Datenschutzbeauftragten k\u00f6nnen Sie jederzeit folgende Rechte aus\u00fcben:<\/p>\n<ul>\n<li>Auskunft \u00fcber Ihre bei uns gespeicherten Daten und deren Verarbeitung,<\/li>\n<li>Berichtigung unrichtiger personenbezogener Daten,<\/li>\n<li>L\u00f6schung Ihrer bei uns gespeicherten Daten,<\/li>\n<li>Einschr\u00e4nkung der Datenverarbeitung, sofern wir Ihre Daten aufgrund gesetzlicher Pflichten noch nicht l\u00f6schen d\u00fcrfen,<\/li>\n<li>Widerspruch gegen die Verarbeitung Ihrer Daten bei uns und<\/li>\n<li>Daten\u00fcbertragbarkeit, sofern Sie in die Datenverarbeitung eingewilligt haben oder einen Vertrag mit uns abgeschlossen haben.<\/li>\n<\/ul>\n<p>Sofern Sie uns eine Einwilligung erteilt haben, k\u00f6nnen Sie diese jederzeit mit Wirkung f\u00fcr die Zukunft widerrufen.<\/p>\n<p>Sie k\u00f6nnen sich jederzeit mit einer Beschwerde an die f\u00fcr Sie zust\u00e4ndige Aufsichtsbeh\u00f6rde wenden. Ihre zust\u00e4ndige Aufsichtsbeh\u00f6rde richtet sich nach dem Bundesland Ihres Wohnsitzes, Ihrer Arbeit oder der mutma\u00dflichen Verletzung. Eine Liste der Aufsichtsbeh\u00f6rden (f\u00fcr den nicht\u00f6ffentlichen Bereich) mit Anschrift finden Sie unter: <a href=\"https:\/\/www.bfdi.bund.de\/DE\/Infothek\/Anschriften_Links\/anschriften_links-node.html\" target=\"_blank\" rel=\"noopener\">https:\/\/www.bfdi.bund.de\/DE\/Infothek\/Anschriften_Links\/anschriften_links-node.html<\/a>.<\/p>\n<h2>Zwecke der Datenverarbeitung durch die verantwortliche Stelle und Dritte<\/h2>\n<p>Wir verarbeiten Ihre personenbezogenen Daten nur zu den in dieser Datenschutzerkl\u00e4rung genannten Zwecken. Eine \u00dcbermittlung Ihrer pers\u00f6nlichen Daten an Dritte zu anderen als den genannten Zwecken findet nicht statt. Wir geben Ihre pers\u00f6nlichen Daten nur an Dritte weiter, wenn:<\/p>\n<ul>\n<li>Sie Ihre ausdr\u00fcckliche Einwilligung dazu erteilt haben,<\/li>\n<li>die Verarbeitung zur Abwicklung eines Vertrags mit Ihnen erforderlich ist,<\/li>\n<li>die Verarbeitung zur Erf\u00fcllung einer rechtlichen Verpflichtung erforderlich ist,<\/li>\n<\/ul>\n<p>die Verarbeitung zur Wahrung berechtigter Interessen erforderlich ist und kein Grund zur Annahme besteht, dass Sie ein \u00fcberwiegendes schutzw\u00fcrdiges Interesse an der Nichtweitergabe Ihrer Daten haben.<\/p>\n<h2>L\u00f6schung bzw. Sperrung der Daten<\/h2>\n<p>Wir halten uns an die Grunds\u00e4tze der Datenvermeidung und Datensparsamkeit. Wir speichern Ihre personenbezogenen Daten daher nur so lange, wie dies zur Erreichung der hier genannten Zwecke erforderlich ist oder wie es die vom Gesetzgeber vorgesehenen vielf\u00e4ltigen Speicherfristen vorsehen. Nach Fortfall des jeweiligen Zweckes bzw. Ablauf dieser Fristen werden die entsprechenden Daten routinem\u00e4\u00dfig und entsprechend den gesetzlichen Vorschriften gesperrt oder gel\u00f6scht.<\/p>\n<h2>SSL-Verschl\u00fcsselung<\/h2>\n<p>Um die Sicherheit Ihrer Daten bei der \u00dcbertragung zu sch\u00fctzen, verwenden wir dem aktuellen Stand der Technik entsprechende Verschl\u00fcsselungsverfahren (z. B. SSL) \u00fcber HTTPS.<\/p>\n<h2>Kontaktformular<\/h2>\n<p>Treten Sie bzgl. Fragen jeglicher Art per E-Mail oder Kontaktformular mit uns in Kontakt, erteilen Sie uns zum Zwecke der Kontaktaufnahme Ihre freiwillige Einwilligung. Hierf\u00fcr ist die Angabe einer validen E-Mail-Adresse erforderlich. Diese dient der Zuordnung der Anfrage und der anschlie\u00dfenden Beantwortung derselben. Die Angabe weiterer Daten ist optional. Die von Ihnen gemachten Angaben werden zum Zwecke der Bearbeitung der Anfrage sowie f\u00fcr m\u00f6gliche Anschlussfragen gespeichert. Nach Erledigung der von Ihnen gestellten Anfrage werden personenbezogene Daten automatisch gel\u00f6scht.<\/p>\n<h2>Kommentare<\/h2>\n<p>Wenn Besucher Kommentare auf der Website schreiben, sammeln wir die Daten, die im Kommentar-Formular angezeigt werden, au\u00dferdem die IP-Adresse des Besuchers und den User-Agent-String (damit wird der Browser identifiziert), um die Erkennung von Spam zu unterst\u00fctzen.<\/p>\n<p>Aus deiner E-Mail-Adresse kann eine anonymisierte Zeichenfolge erstellt (auch Hash genannt) und dem Gravatar-Dienst \u00fcbergeben werden, um zu pr\u00fcfen, ob du diesen benutzt. Die Datenschutzerkl\u00e4rung des Gravatar-Dienstes findest du hier: https:\/\/automattic.com\/privacy\/. Nachdem dein Kommentar freigegeben wurde, ist dein Profilbild \u00f6ffentlich im Kontext deines Kommentars sichtbar.<\/p>\n<p>&nbsp;<\/p>\n<p>&nbsp;<\/p>\n<h2>Verwendung von Scriptbibliotheken (Google Webfonts)<\/h2>\n<p>Um unsere Inhalte browser\u00fcbergreifend korrekt und grafisch ansprechend darzustellen, verwenden wir auf dieser Website Scriptbibliotheken und Schriftbibliotheken wie z. B. Google Webfonts (<a href=\"http:\/\/www.google.com\/webfonts\/\" target=\"_blank\" rel=\"noopener\">https:\/\/www.google.com\/webfonts\/<\/a>). Google Webfonts werden zur Vermeidung mehrfachen Ladens in den Cache Ihres Browsers \u00fcbertragen. Falls der Browser die Google Webfonts nicht unterst\u00fctzt oder den Zugriff unterbindet, werden Inhalte in einer Standardschrift angezeigt.<\/p>\n<p>Der Aufruf von Scriptbibliotheken oder Schriftbibliotheken l\u00f6st automatisch eine Verbindung zum Betreiber der Bibliothek aus. Dabei ist es theoretisch m\u00f6glich \u2013 aktuell allerdings auch unklar ob und ggf. zu welchen Zwecken \u2013 dass Betreiber entsprechender Bibliotheken Daten erheben.<\/p>\n<p>Die Datenschutzrichtlinie des Bibliothekbetreibers Google finden Sie hier: <a href=\"https:\/\/www.google.com\/policies\/privacy\/\" target=\"_blank\" rel=\"noopener\">https:\/\/www.google.com\/policies\/privacy\/<\/a><\/p>\n<h2>Verwendung von Google Maps<\/h2>\n<p>Diese Webseite verwendet Google Maps API, um geographische Informationen visuell darzustellen. Bei der Nutzung von Google Maps werden von Google auch Daten \u00fcber die Nutzung der Kartenfunktionen durch Besucher erhoben, verarbeitet und genutzt. N\u00e4here Informationen \u00fcber die Datenverarbeitung durch Google k\u00f6nnen Sie <a href=\"http:\/\/www.google.com\/privacypolicy.html\" target=\"_blank\" rel=\"noopener\">den Google-Datenschutzhinweisen<\/a> entnehmen. Dort k\u00f6nnen Sie im Datenschutzcenter auch Ihre pers\u00f6nlichen Datenschutz-Einstellungen ver\u00e4ndern.<\/p>\n<p>Ausf\u00fchrliche Anleitungen zur Verwaltung der eigenen Daten im Zusammenhang mit Google-Produkten<a href=\"http:\/\/www.dataliberation.org\/\" target=\"_blank\" rel=\"noopener\"> finden Sie hier<\/a>.<\/p>\n<h2>Eingebettete YouTube-Videos<\/h2>\n<p>Auf einigen unserer Webseiten betten wir Youtube-Videos ein. Betreiber der entsprechenden Plugins ist die YouTube, LLC, 901 Cherry Ave., San Bruno, CA 94066, USA. Wenn Sie eine Seite mit dem YouTube-Plugin besuchen, wird eine Verbindung zu Servern von Youtube hergestellt. Dabei wird Youtube mitgeteilt, welche Seiten Sie besuchen. Wenn Sie in Ihrem Youtube-Account eingeloggt sind, kann Youtube Ihr Surfverhalten Ihnen pers\u00f6nlich zuzuordnen. Dies verhindern Sie, indem Sie sich vorher aus Ihrem Youtube-Account ausloggen.<\/p>\n<p>Wird ein Youtube-Video gestartet, setzt der Anbieter Cookies ein, die Hinweise \u00fcber das Nutzerverhalten sammeln.<\/p>\n<p>Wer das Speichern von Cookies f\u00fcr das Google-Ad-Programm deaktiviert hat, wird auch beim Anschauen von Youtube-Videos mit keinen solchen Cookies rechnen m\u00fcssen. Youtube legt aber auch in anderen Cookies nicht-personenbezogene Nutzungsinformationen ab. M\u00f6chten Sie dies verhindern, so m\u00fcssen Sie das Speichern von Cookies im Browser blockieren.<\/p>\n<p>Weitere Informationen zum Datenschutz bei \u201eYoutube\u201c finden Sie in der Datenschutzerkl\u00e4rung des Anbieters unter: <a href=\"https:\/\/www.google.de\/intl\/de\/policies\/privacy\/\" target=\"_blank\" rel=\"noopener\">https:\/\/www.google.de\/intl\/de\/policies\/privacy\/ <\/a><\/p>\n<h2><strong>\u00c4nderung unserer Datenschutzbestimmungen<\/strong><\/h2>\n<p>Wir behalten uns vor, diese Datenschutzerkl\u00e4rung anzupassen, damit sie stets den aktuellen rechtlichen Anforderungen entspricht oder um \u00c4nderungen unserer Leistungen in der Datenschutzerkl\u00e4rung umzusetzen, z.B. bei der Einf\u00fchrung neuer Services. F\u00fcr Ihren erneuten Besuch gilt dann die neue Datenschutzerkl\u00e4rung.<\/p>\n<h2><strong>Fragen an den Datenschutzbeauftragten<\/strong><\/h2>\n<p>Wenn Sie Fragen zum Datenschutz haben, schreiben Sie uns bitte eine E-Mail oder wenden Sie sich direkt an die f\u00fcr den Datenschutz verantwortliche Person in unserer Organisation:<\/p>\n<p>Stellvertretend:<\/p>\n<p>Gabriele Fuchs<br \/>\nHauptstra\u00dfe 17<br \/>\n55758\u00a0Hottenbach<\/p>\n<p class=\"cl_p_disclaimer\"><i>Quellenangaben:\u00a0\u00a0<a title=\"eRecht24 Disclaimer\" href=\"https:\/\/www.e-recht24.de\/muster-disclaimer.htm\">\u00a0eRecht24 Disclaimer<\/a>\u00a0,\u00a0<a title=\"Facebook-Disclaimer von eRecht24\" href=\"https:\/\/www.e-recht24.de\/artikel\/datenschutz\/6590-facebook-like-button-datenschutz-disclaimer.html\">\u00a0Facebook-Disclaimer von eRecht24<\/a><\/i><\/p>\n","protected":false},"excerpt":{"rendered":"<p>Angaben gem\u00e4\u00df \u00a7 5 TMG: \u201cWindkraftfreier Idarwald \/ Schauren, Asbach, Hellertshausen, Hottenbach, Stipshausen-\u00a0Stoppt den Ausverkauf unserer Heimat!\u201d E-Mail: info@windkraftfreier-idarwald.de Stellvertretend: Gabriele Fuchs Hauptstra\u00dfe 17 55758\u00a0Hottenbach &nbsp; Haftungsausschlu\u00df Haftung f\u00fcr Inhalte Die Inhalte unserer Seiten wurden mit gr\u00f6\u00dfter Sorgfalt erstellt. F\u00fcr &hellip; <a href=\"https:\/\/www.windkraftfreier-idarwald.de\/?page_id=13\">Weiter<\/a><\/p>\n","protected":false},"author":1,"featured_media":0,"parent":0,"menu_order":0,"comment_status":"closed","ping_status":"closed","template":"","meta":{"kt_blocks_editor_width":"","ngg_post_thumbnail":0},"_links":{"self":[{"href":"https:\/\/www.windkraftfreier-idarwald.de\/index.php?rest_route=\/wp\/v2\/pages\/13"}],"collection":[{"href":"https:\/\/www.windkraftfreier-idarwald.de\/index.php?rest_route=\/wp\/v2\/pages"}],"about":[{"href":"https:\/\/www.windkraftfreier-idarwald.de\/index.php?rest_route=\/wp\/v2\/types\/page"}],"author":[{"embeddable":true,"href":"https:\/\/www.windkraftfreier-idarwald.de\/index.php?rest_route=\/wp\/v2\/users\/1"}],"replies":[{"embeddable":true,"href":"https:\/\/www.windkraftfreier-idarwald.de\/index.php?rest_route=%2Fwp%2Fv2%2Fcomments&post=13"}],"version-history":[{"count":11,"href":"https:\/\/www.windkraftfreier-idarwald.de\/index.php?rest_route=\/wp\/v2\/pages\/13\/revisions"}],"predecessor-version":[{"id":242,"href":"https:\/\/www.windkraftfreier-idarwald.de\/index.php?rest_route=\/wp\/v2\/pages\/13\/revisions\/242"}],"wp:attachment":[{"href":"https:\/\/www.windkraftfreier-idarwald.de\/index.php?rest_route=%2Fwp%2Fv2%2Fmedia&parent=13"}],"curies":[{"name":"wp","href":"https:\/\/api.w.org\/{rel}","templated":true}]}}